{"id":732,"date":"2018-11-16T10:12:20","date_gmt":"2018-11-16T10:12:20","guid":{"rendered":"https:\/\/vpd-mettmann.de\/?page_id=732"},"modified":"2026-04-09T11:09:02","modified_gmt":"2026-04-09T10:09:02","slug":"club-lichtblick","status":"publish","type":"page","link":"https:\/\/vpd-mettmann.de\/?page_id=732","title":{"rendered":"Club Lichtblick"},"content":{"rendered":"<p style=\"text-align: left;\"><strong>Angebot<\/strong>:<\/p>\n<p style=\"text-align: left;\">Kontakt- und Beratungsstelle f\u00fcr Menschen in psychosozialen Problemlagen<\/p>\n<p style=\"text-align: left;\"><strong>Wer kann mitmachen:<\/strong><\/p>\n<p style=\"text-align: left;\">Unser Angebot richtet sich an Sie, wenn Sie an einer seelischen Erkrankung leiden und deshalb eingeschr\u00e4nkt oder gar nicht mehr am gesellschaftlichen Leben teilnehmen.<\/p>\n<p style=\"text-align: left;\"><strong>\u00d6ffnungszeiten:<\/strong><\/p>\n<p>Interkulturelles Sprachcaf\u00e9:<\/p>\n<p>Montag: 08:30 &#8211; 13:30 Uhr<\/p>\n<p style=\"text-align: left;\">Offener Treff:<\/p>\n<p style=\"text-align: left;\">Montag: 15.00-18.00 Uhr, <em>\u00fcberbackenes Baguette<\/em><\/p>\n<p style=\"text-align: left;\">Dienstag: 9.00 &#8211; 16.00 Uhr Aktionstag mit Voranmeldung<\/p>\n<p style=\"text-align: left;\"><em>09.00-13.00 Uhr<\/em> <em>Kochgruppe mit gemeinsamer Mahlzeit<br \/>\n14.00-16.00 Uhr<\/em> <em>Kuchen backen (Angebot)<\/em><\/p>\n<p style=\"text-align: left;\">Mittwoch: 14.00-16.00 Uhr\u00a0 <em>Eigenregie mit Kuchenangebot<\/em><\/p>\n<p style=\"text-align: left;\">Donnerstag: 13.00-18.00 Uhr<\/p>\n<p><em>13.00-15.00 Uhr Eigenregie<br \/>\n15.00-18.00 Uhr<\/em> k<em>\u00f6stliche Kleinigkeiten<\/em><\/p>\n<p style=\"text-align: left;\">Freitag: 9.00-13.00 Uhr<\/p>\n<p><em>09.00-13.00 Uhr Kochgruppe mit gemeinsamer Mahlzeit<\/em><\/p>\n<p style=\"text-align: left;\">Samstag: 9.00-12.00 Uhr<\/p>\n<p style=\"text-align: left;\">Sonntag: 14.00-16.00 Uhr (jeden 1. und 3. Sonntag)<\/p>\n<p style=\"text-align: left;\">Bei uns finden Sie jederzeit ein offenes Ohr f\u00fcr Anregungen und neue Ideen bei der Gestaltung der Angebote.<\/p>\n<p style=\"text-align: left;\"><strong>Hier finden Sie uns:<\/strong><\/p>\n<p style=\"text-align: left;\">Im Schaufsfeld 13 \/ Ecke Johannesstra\u00dfe, 40764 Langenfeld<\/p>\n<p style=\"text-align: left;\"><strong>Der Zugang ist barrierefrei!<\/strong><\/p>\n<p style=\"text-align: left;\"><strong>Das m\u00f6chten wir unbedingt mitteilen:<\/strong><\/p>\n<p style=\"text-align: left;\">Der Club Lichtblick ist Ihre Anlaufstelle, wenn Sie<\/p>\n<ul style=\"text-align: left;\">\n<li>Ihre Freizeit gerne mit anderen Menschen verbringen und gestalten m\u00f6chten,<\/li>\n<li>neue Kontakte kn\u00fcpfen m\u00f6chten,<\/li>\n<li>h\u00e4ufiger alleine sind und sich einfach mal aussprechen m\u00f6chten,<\/li>\n<li>die Gelegenheit nutzen m\u00f6chten, auf andere Menschen mit \u00e4hnlichen Problemen und Erfahrungen zu treffen,<\/li>\n<li>gemeinsam einen Kaffee trinken oder eine gemeinsame Mahlzeit einnehmen m\u00f6chten.<\/li>\n<\/ul>\n<p style=\"text-align: left;\">Wir stehen Ihnen auch in besonderen Lebenslagen zu Gespr\u00e4chen zur Verf\u00fcgung und informieren Sie gerne \u00fcber unsere vielf\u00e4ltigen Angebote f\u00fcr Menschen mit seelischen Erkrankungen.<\/p>\n<p style=\"text-align: left;\">Eine vorherige Anmeldung ist nicht erforderlich.<\/p>\n<p style=\"text-align: left;\"><strong>Das ist uns besonders wichtig:<\/strong><\/p>\n<p style=\"text-align: left;\">Es ist uns wichtig, mit Ihrer Hilfe eine angenehme und freundliche Atmosph\u00e4re in unserer Begegnungsst\u00e4tte zu schaffen, in der sich Menschen in einem gesch\u00fctztem Rahmen wohlf\u00fchlen k\u00f6nnen.<\/p>\n<p style=\"text-align: left;\"><strong>Besondere Hinweise:<\/strong><\/p>\n<p style=\"text-align: left;\">Eine Anmeldung ist nicht erforderlich, kommen Sie einfach zu den genannten \u00d6ffnungszeiten bei uns vorbei und machen sich ein eigenes Bild. Wir freuen uns auf Sie.<\/p>\n<p style=\"text-align: left;\"><strong>Ansprechpersonen:<\/strong><\/p>\n<p style=\"text-align: left;\"><a href=\"mailto:club-lichtblick@vpd-mettmann.de\">club-lichtblick@vpd-mettmann.de<\/a><br \/>\nClubtelefon: +49 (0) 21 73 \/ 89 31 10 37<\/p>\n<p style=\"text-align: left;\">Anke Peipp, Teamleitung<br \/>\n<img loading=\"lazy\" decoding=\"async\" class=\"alignnone wp-image-1588 size-full\" src=\"https:\/\/vpd-mettmann.de\/wp-content\/uploads\/2019\/03\/peipp.jpg\" alt=\"Peipp\" width=\"150\" height=\"150\" \/><br \/>\n<a href=\"mailto:anke.peipp@vpd-mettmann.de\">anke.peipp@vpd-mettmann.de<\/a><br \/>\nTel.: +49 (0) 21 73 \/ 89 31 10 57<\/p>\n<p style=\"text-align: left;\"><strong>Wir unterliegen der Schweigepflicht!<\/strong><\/p>\n<p style=\"text-align: left;\"><strong>Flyer:<\/strong><\/p>\n<p style=\"text-align: left;\"><a href=\"https:\/\/vpd-mettmann.de\/wp-content\/uploads\/2019\/09\/Club-Lichtblick-20190913.pdf\">Club Lichtblick<\/a><\/p>\n","protected":false},"excerpt":{"rendered":"<p>Angebot: Kontakt- und Beratungsstelle f\u00fcr Menschen in psychosozialen Problemlagen Wer kann mitmachen: Unser Angebot richtet sich an Sie, wenn Sie an einer seelischen Erkrankung leiden und deshalb eingeschr\u00e4nkt oder gar nicht mehr am gesellschaftlichen Leben teilnehmen. \u00d6ffnungszeiten: Interkulturelles Sprachcaf\u00e9: Montag: 08:30 &#8211; 13:30 Uhr Offener Treff: Montag: 15.00-18.00 Uhr, \u00fcberbackenes Baguette Dienstag: 9.00 &#8211; 16.00 Uhr Aktionstag mit Voranmeldung 09.00-13.00 Uhr Kochgruppe mit gemeinsamer Mahlzeit 14.00-16.00 Uhr Kuchen backen (Angebot) Mittwoch: 14.00-16.00 Uhr\u00a0 Eigenregie mit Kuchenangebot Donnerstag: 13.00-18.00 Uhr 13.00-15.00&#8230;<\/p>\n<p class=\"read-more\"><a class=\"btn btn-default\" href=\"https:\/\/vpd-mettmann.de\/?page_id=732\">Weiterlesen<span class=\"screen-reader-text\"> Weiterlesen<\/span><\/a><\/p>\n","protected":false},"author":4,"featured_media":0,"parent":218,"menu_order":0,"comment_status":"closed","ping_status":"closed","template":"","meta":{"footnotes":""},"class_list":["post-732","page","type-page","status-publish","hentry"],"_links":{"self":[{"href":"https:\/\/vpd-mettmann.de\/index.php?rest_route=\/wp\/v2\/pages\/732","targetHints":{"allow":["GET"]}}],"collection":[{"href":"https:\/\/vpd-mettmann.de\/index.php?rest_route=\/wp\/v2\/pages"}],"about":[{"href":"https:\/\/vpd-mettmann.de\/index.php?rest_route=\/wp\/v2\/types\/page"}],"author":[{"embeddable":true,"href":"https:\/\/vpd-mettmann.de\/index.php?rest_route=\/wp\/v2\/users\/4"}],"replies":[{"embeddable":true,"href":"https:\/\/vpd-mettmann.de\/index.php?rest_route=%2Fwp%2Fv2%2Fcomments&post=732"}],"version-history":[{"count":54,"href":"https:\/\/vpd-mettmann.de\/index.php?rest_route=\/wp\/v2\/pages\/732\/revisions"}],"predecessor-version":[{"id":4387,"href":"https:\/\/vpd-mettmann.de\/index.php?rest_route=\/wp\/v2\/pages\/732\/revisions\/4387"}],"up":[{"embeddable":true,"href":"https:\/\/vpd-mettmann.de\/index.php?rest_route=\/wp\/v2\/pages\/218"}],"wp:attachment":[{"href":"https:\/\/vpd-mettmann.de\/index.php?rest_route=%2Fwp%2Fv2%2Fmedia&parent=732"}],"curies":[{"name":"wp","href":"https:\/\/api.w.org\/{rel}","templated":true}]}}