{"id":497,"date":"2018-06-26T09:47:25","date_gmt":"2018-06-26T09:47:25","guid":{"rendered":"https:\/\/vpd-mettmann.de\/?page_id=497"},"modified":"2025-09-12T11:21:29","modified_gmt":"2025-09-12T10:21:29","slug":"tagespflege","status":"publish","type":"page","link":"https:\/\/vpd-mettmann.de\/?page_id=497","title":{"rendered":"Tagespflege &#8222;Villa Kalstert&#8220;"},"content":{"rendered":"<p style=\"text-align: left;\"><strong>Angebot<\/strong>:<\/p>\n<p style=\"text-align: left;\">Tagesstrukturierendes Angebot f\u00fcr Senior*innen, Entlastungsangebot f\u00fcr pflegende Angeh\u00f6rige.<\/p>\n<p style=\"text-align: left;\"><strong>Wer kann mitmachen:<\/strong><\/p>\n<p style=\"text-align: left;\">Menschen mit einem (Pflege-) Hilfsbedarf, Menschen mit einem Anspruch auf Leistungen der Pflegeversicherung.<br \/>\nUnterst\u00fctzung und Entlastung von pflegenden Angeh\u00f6rigen.<\/p>\n<p style=\"text-align: left;\"><strong>\u00d6ffnungszeiten:<\/strong><\/p>\n<p style=\"text-align: left;\">Mo-Fr: 8.00 Uhr &#8211; 17.00 Uhr<\/p>\n<p style=\"text-align: left;\"><strong>Adresse:<\/strong><\/p>\n<p style=\"text-align: left;\">VPD Villa Kalstert, Tagespflegeeinrichtung, Clarenbachweg 2, 40724 Hilden<\/p>\n<p style=\"text-align: left;\"><strong>Das m\u00f6chten wir unbedingt mitteilen:<br \/>\n<\/strong><\/p>\n<p style=\"text-align: left;\">Wir m\u00f6chten Sie einladen, in unseren R\u00e4umlichkeiten einen Schnuppertag zu verbringen. Hier erfahren Sie selbst, wie Sie gemeinsam mit anderen Menschen Ihren Tag gestalten und dabei ganz neue Eindr\u00fccke gewinnen.<br \/>\nWir helfen Ihnen gerne, ein bisschen Schwung in Ihren Alltag zu bringen und richten uns dabei nach Ihren W\u00fcnschen und Bed\u00fcrfnissen.<br \/>\nWir sind ein Team aus hochmotivierten und erfahrenen Fachkr\u00e4ften.<\/p>\n<p style=\"text-align: left;\"><strong>Das ist uns besonders wichtig:<\/strong><\/p>\n<p style=\"text-align: left;\">Geselliges Zusammensein und aktives Gestalten des Tages, dabei eine eigenst\u00e4ndige Lebensf\u00fchrung behalten.<br \/>\nWir unterst\u00fctzen Ihre F\u00e4higkeiten und bieten Hilfe da, wo sie ben\u00f6tigt wird.<\/p>\n<p style=\"text-align: left;\">Bei Bedarf holen wir Sie mit einem barrierefreien Fahrzeug zuhause ab und bringen Sie auch wieder heim.<\/p>\n<p style=\"text-align: left;\"><strong>Muss ein Kooperationspartner genannt werden:<\/strong><\/p>\n<p style=\"text-align: left;\">Muss nicht, ist aber gut, da wir uns, wenn es n\u00f6tig ist, eng mit den anderen an der Unterst\u00fctzung beteiligten abstimmen.<\/p>\n<p style=\"text-align: left;\"><strong>Besondere Hinweise:<\/strong><\/p>\n<p style=\"text-align: left;\"><strong>Tun Sie etwas f\u00fcr sich, bevor der Akku leer ist!<\/strong><br \/>\n<strong>Tun Sie etwas f\u00fcr sich, bevor Sie es nicht mehr selbst in der Hand haben!<\/strong><\/p>\n<p style=\"text-align: left;\"><strong>Ansprechpersonen:<\/strong><\/p>\n<p style=\"text-align: left;\">Heike Longerich, Pflegedienst- und Einrichtungsleitung<br \/>\n<img loading=\"lazy\" decoding=\"async\" class=\"alignnone wp-image-1000 size-full\" src=\"https:\/\/vpd-mettmann.de\/wp-content\/uploads\/2018\/12\/Longerich.jpg\" alt=\"Longerich\" width=\"150\" height=\"150\" \/><br \/>\n<a href=\"mailto:heike.longerich@vpd-mettmann.de\">heike.longerich@vpd-mettmann.de<\/a><br \/>\n<a href=\"mailto:leitung-tagespflege@vpd-mettmann.de\">leitung-tagespflege@vpd-mettmann.de<\/a><\/p>\n<p>Katja Marx, Verwaltung<\/p>\n<p><img loading=\"lazy\" decoding=\"async\" class=\"size-full wp-image-880\" src=\"https:\/\/vpd-mettmann.de\/wp-content\/uploads\/2018\/12\/Marx-2.jpg\" alt=\"Marx\" width=\"150\" height=\"150\" \/><\/p>\n<p><a href=\"mailto:katja.marx@vpd-mettmann.de\">katja.marx@vpd-mettmann.de<\/a><\/p>\n<p style=\"text-align: left;\">Tel.: +49 (0) 21 03 \/ 9 67 56 3 &#8211; 0<br \/>\nFax: +49 (0) 21 03 \/ 9 67 56 3 &#8211; 98<\/p>\n<p style=\"text-align: left;\"><strong>Wir unterliegen der Schweigepflicht!<\/strong><\/p>\n<p style=\"text-align: left;\"><strong>Flyer:<\/strong><\/p>\n<p><a href=\"https:\/\/vpd-mettmann.de\/wp-content\/uploads\/2025\/09\/Villa.pdf\">Villa Kalstert<\/a><\/p>\n","protected":false},"excerpt":{"rendered":"<p>Angebot: Tagesstrukturierendes Angebot f\u00fcr Senior*innen, Entlastungsangebot f\u00fcr pflegende Angeh\u00f6rige. Wer kann mitmachen: Menschen mit einem (Pflege-) Hilfsbedarf, Menschen mit einem Anspruch auf Leistungen der Pflegeversicherung. Unterst\u00fctzung und Entlastung von pflegenden Angeh\u00f6rigen. \u00d6ffnungszeiten: Mo-Fr: 8.00 Uhr &#8211; 17.00 Uhr Adresse: VPD Villa Kalstert, Tagespflegeeinrichtung, Clarenbachweg 2, 40724 Hilden Das m\u00f6chten wir unbedingt mitteilen: Wir m\u00f6chten Sie einladen, in unseren R\u00e4umlichkeiten einen Schnuppertag zu verbringen. Hier erfahren Sie selbst, wie Sie gemeinsam mit anderen Menschen Ihren Tag gestalten und dabei ganz neue&#8230;<\/p>\n<p class=\"read-more\"><a class=\"btn btn-default\" href=\"https:\/\/vpd-mettmann.de\/?page_id=497\">Weiterlesen<span class=\"screen-reader-text\"> Weiterlesen<\/span><\/a><\/p>\n","protected":false},"author":4,"featured_media":0,"parent":211,"menu_order":0,"comment_status":"closed","ping_status":"closed","template":"","meta":{"footnotes":""},"class_list":["post-497","page","type-page","status-publish","hentry"],"_links":{"self":[{"href":"https:\/\/vpd-mettmann.de\/index.php?rest_route=\/wp\/v2\/pages\/497","targetHints":{"allow":["GET"]}}],"collection":[{"href":"https:\/\/vpd-mettmann.de\/index.php?rest_route=\/wp\/v2\/pages"}],"about":[{"href":"https:\/\/vpd-mettmann.de\/index.php?rest_route=\/wp\/v2\/types\/page"}],"author":[{"embeddable":true,"href":"https:\/\/vpd-mettmann.de\/index.php?rest_route=\/wp\/v2\/users\/4"}],"replies":[{"embeddable":true,"href":"https:\/\/vpd-mettmann.de\/index.php?rest_route=%2Fwp%2Fv2%2Fcomments&post=497"}],"version-history":[{"count":64,"href":"https:\/\/vpd-mettmann.de\/index.php?rest_route=\/wp\/v2\/pages\/497\/revisions"}],"predecessor-version":[{"id":4240,"href":"https:\/\/vpd-mettmann.de\/index.php?rest_route=\/wp\/v2\/pages\/497\/revisions\/4240"}],"up":[{"embeddable":true,"href":"https:\/\/vpd-mettmann.de\/index.php?rest_route=\/wp\/v2\/pages\/211"}],"wp:attachment":[{"href":"https:\/\/vpd-mettmann.de\/index.php?rest_route=%2Fwp%2Fv2%2Fmedia&parent=497"}],"curies":[{"name":"wp","href":"https:\/\/api.w.org\/{rel}","templated":true}]}}