{"id":240,"date":"2018-02-26T09:35:42","date_gmt":"2018-02-26T09:35:42","guid":{"rendered":"https:\/\/vpd-mettmann.de\/?page_id=240"},"modified":"2023-11-18T14:47:09","modified_gmt":"2023-11-18T13:47:09","slug":"vpd-qualifizierungscenter","status":"publish","type":"page","link":"https:\/\/vpd-mettmann.de\/?page_id=240","title":{"rendered":"VPD-Qualifizierungscenter"},"content":{"rendered":"<p style=\"text-align: left;\"><strong>Angebot<\/strong>:<\/p>\n<p style=\"text-align: left;\">Berufliche Rehabilitation \/ Gesundheitsorientierte Ma\u00dfnahme zur beruflichen Orientierung-Erprobung-Integration<\/p>\n<p><strong>Wer kann mitmachen:<\/strong><\/p>\n<p style=\"text-align: left;\">Unser Angebot richtet sich an Menschen, die sich f\u00fcr ihren Einstieg bzw. Wiedereinstieg in Besch\u00e4ftigung und Arbeit eine vertrauensvolle und individuell ausgerichtete Begleitung w\u00fcnschen. Insbesondere nach psychischer Erkrankung f\u00e4llt es oft aufgrund noch bestehender Unsicherheiten schwer, diesen Schritt alleine zu bew\u00e4ltigen. Der Fokus unserer Arbeit richtet sich haupts\u00e4chlich darauf, gemeinsam mit unseren Teilnehmenden tragf\u00e4hige Erwerbsperspektiven zu erarbeiten, die der jeweiligen Individualit\u00e4t und Selbstbestimmtheit in einem gr\u00f6\u00dftm\u00f6glichen Ma\u00df entsprechen. Im Mittelpunkt steht der Mensch mit seinen F\u00e4higkeiten, Ressourcen, Interessen und der Beachtung gesundheitlicher Belange. In partnerschaftlicher Weise entsteht eine gemeinsame Sicht f\u00fcr die inhaltliche Gestaltung der\u00a0 F\u00f6rderung und Begleitung. Hier setzen wir an, um unsere Unterst\u00fctzung auf dem Weg der gew\u00fcnschten Integration in Besch\u00e4ftigung authentisch und schlie\u00dflich nachhaltig zu gestalten.<\/p>\n<p><strong>\u00d6ffnungszeiten:<\/strong><\/p>\n<p>Mo-Do: 8.00 Uhr &#8211; 16.15 Uhr<br \/>\nFr:\u00a0\u00a0\u00a0\u00a0\u00a0\u00a0 \u00a0\u00a0 8.00 Uhr &#8211; 15.00 Uhr<\/p>\n<p><strong>Adresse:<\/strong><\/p>\n<p style=\"text-align: left;\">VPD-Qualifizierungscenter, Hans-B\u00f6ckler-Str. 18a, 40764 Langenfeld<\/p>\n<p><strong>Das m\u00f6chten wir unbedingt mitteilen:<br \/>\n<\/strong><\/p>\n<p style=\"text-align: left;\">Das VPD-Qualifizierungscenter f\u00fchrt seit 1999 in unterschiedlicher Kostentr\u00e4gerschaft Ma\u00dfnahmen der beruflichen Rehabilitation, Aktivierung und Integration f\u00fcr Menschen mit psychisch-gesundheitlichen Beeintr\u00e4chtigungen durch, um berufliche Potentiale feststellen zu k\u00f6nnen, rehabilitative Ma\u00dfnahmen anzubahnen, um somit m\u00f6gliche Wege in eine Besch\u00e4ftigung auf dem Arbeitsmarkt einzuleiten. Zu unseren Auftraggebern z\u00e4hlt das Jobcenter MEaktiv bzw. die Agentur f\u00fcr Arbeit und die Deutsche Rentenversicherung.<\/p>\n<p style=\"text-align: left;\">Das Team des Qualifizierungscenters besteht aus p\u00e4dagogischen, psychologischen, ergotherapeutischen und arbeitsp\u00e4dagogischen Fachkr\u00e4ften, die Sie als kompetente Ansprechpartner bei der Frage der beruflichen Eingliederung unterst\u00fctzen.<\/p>\n<p><strong>Wer ist der Kooperationspartner:<\/strong><\/p>\n<p>Bei all unseren Angeboten erfolgt eine enge Zusammenarbeit mit den jeweiligen Integrationsfachkr\u00e4ften und Reha-Beratern der jeweiligen Kostentr\u00e4ger. Eingebunden in ein breitgef\u00e4chertes Hilfenetzwerk, kooperieren wir zudem mit Institutionen weiterf\u00fchrender Hilfen.<br \/>\nIm Rahmen der arbeitsp\u00e4dagogisch begleitenden Praxiserprobung, erstreckt sich unsere Zusammenarbeit auf Betriebe und Unternehmen des allgemeinen Arbeitsmarktes aller beruflichen Fachrichtungen. Wir kooperieren ebenso mit den Ansprechpartnern anderer Institutionen aus dem Bereich Besch\u00e4ftigung und beruflicher Beratung und Rehabilitation, wie beispielsweise den Integrationsfachdiensten (IFD) und den umliegenden Integrationsunternehmen.<\/p>\n<p style=\"text-align: left;\"><strong>Zu unseren derzeitigen Angeboten geh\u00f6ren:<\/strong><\/p>\n<ul>\n<li style=\"text-align: left;\">&#8222;Betriebliche Qualifizierung&#8220;<br \/>\nEin Angebot der beruflichen Rehabilitation zum Wiedereinstieg in das Berufsleben (LTA\/Deutsche Rentenversicherung)<\/li>\n<\/ul>\n<p>&nbsp;<\/p>\n<p>&nbsp;<\/p>\n<p>&nbsp;<\/p>\n<p style=\"text-align: left;\"><strong>Wir unterliegen der Schweigepflicht!<\/strong><\/p>\n<p>F\u00fcr Fragen Ihrerseits zu unseren Angeboten und den M\u00f6glichkeiten der Teilnahme, k\u00f6nnen Sie uns zu den o.g. \u00d6ffnungszeiten telefonisch oder per email jederzeit ansprechen. Zudem besteht die M\u00f6glichkeit der Vereinbarung eines pers\u00f6nlichen Informationsgespr\u00e4ches.<\/p>\n<p>Das VPD-Qualifizierungscenter ist fortw\u00e4hrend qualit\u00e4tsgepr\u00fcft und verf\u00fcgt \u00fcber eine Zertifizierung nach AZAV (Akkreditierungs- und Zulassungsverordnung Arbeitsf\u00f6rderung).<\/p>\n<p>&nbsp;<\/p>\n<p><img loading=\"lazy\" decoding=\"async\" class=\"alignnone size-full wp-image-3730\" src=\"https:\/\/vpd-mettmann.de\/wp-content\/uploads\/2023\/11\/Dekra-Siegel-Quali.png\" alt=\"\" width=\"300\" height=\"120\" \/><\/p>\n<p><strong>Flyer:<\/strong><\/p>\n<p><a href=\"https:\/\/vpd-mettmann.de\/wp-content\/uploads\/2023\/05\/Betriebliche-Qualifizierung-03-2021.pdf\">Betriebliche Qualifizierung<\/a><\/p>\n<p>&nbsp;<\/p>\n","protected":false},"excerpt":{"rendered":"<p>Angebot: Berufliche Rehabilitation \/ Gesundheitsorientierte Ma\u00dfnahme zur beruflichen Orientierung-Erprobung-Integration Wer kann mitmachen: Unser Angebot richtet sich an Menschen, die sich f\u00fcr ihren Einstieg bzw. Wiedereinstieg in Besch\u00e4ftigung und Arbeit eine vertrauensvolle und individuell ausgerichtete Begleitung w\u00fcnschen. Insbesondere nach psychischer Erkrankung f\u00e4llt es oft aufgrund noch bestehender Unsicherheiten schwer, diesen Schritt alleine zu bew\u00e4ltigen. Der Fokus unserer Arbeit richtet sich haupts\u00e4chlich darauf, gemeinsam mit unseren Teilnehmenden tragf\u00e4hige Erwerbsperspektiven zu erarbeiten, die der jeweiligen Individualit\u00e4t und Selbstbestimmtheit in einem gr\u00f6\u00dftm\u00f6glichen Ma\u00df entsprechen&#8230;.<\/p>\n<p class=\"read-more\"><a class=\"btn btn-default\" href=\"https:\/\/vpd-mettmann.de\/?page_id=240\">Weiterlesen<span class=\"screen-reader-text\"> Weiterlesen<\/span><\/a><\/p>\n","protected":false},"author":4,"featured_media":0,"parent":211,"menu_order":0,"comment_status":"closed","ping_status":"closed","template":"","meta":{"footnotes":""},"class_list":["post-240","page","type-page","status-publish","hentry"],"_links":{"self":[{"href":"https:\/\/vpd-mettmann.de\/index.php?rest_route=\/wp\/v2\/pages\/240","targetHints":{"allow":["GET"]}}],"collection":[{"href":"https:\/\/vpd-mettmann.de\/index.php?rest_route=\/wp\/v2\/pages"}],"about":[{"href":"https:\/\/vpd-mettmann.de\/index.php?rest_route=\/wp\/v2\/types\/page"}],"author":[{"embeddable":true,"href":"https:\/\/vpd-mettmann.de\/index.php?rest_route=\/wp\/v2\/users\/4"}],"replies":[{"embeddable":true,"href":"https:\/\/vpd-mettmann.de\/index.php?rest_route=%2Fwp%2Fv2%2Fcomments&post=240"}],"version-history":[{"count":107,"href":"https:\/\/vpd-mettmann.de\/index.php?rest_route=\/wp\/v2\/pages\/240\/revisions"}],"predecessor-version":[{"id":3731,"href":"https:\/\/vpd-mettmann.de\/index.php?rest_route=\/wp\/v2\/pages\/240\/revisions\/3731"}],"up":[{"embeddable":true,"href":"https:\/\/vpd-mettmann.de\/index.php?rest_route=\/wp\/v2\/pages\/211"}],"wp:attachment":[{"href":"https:\/\/vpd-mettmann.de\/index.php?rest_route=%2Fwp%2Fv2%2Fmedia&parent=240"}],"curies":[{"name":"wp","href":"https:\/\/api.w.org\/{rel}","templated":true}]}}